{"id":694,"date":"2011-08-28T21:08:05","date_gmt":"2011-08-28T21:08:05","guid":{"rendered":"http:\/\/akustische-kamera.fkm-r.de\/?page_id=694"},"modified":"2019-12-19T15:34:27","modified_gmt":"2019-12-19T15:34:27","slug":"defektes-rillenkugellager","status":"publish","type":"page","link":"http:\/\/akustische-kamera.fkm-r.de\/?page_id=694","title":{"rendered":"Defektes Rillenkugellager"},"content":{"rendered":"<p style=\"text-align: justify;\">In Bild 1 ist das zerst\u00f6rte Rillenkugellager kurz vor dem Ausbau dargestellt. Darin ist der korrodierte Bereich unterhalb des Rillenkugellagers deutlich zu erkennen. Dieser wurde vermutlich durch auslaufendes Wasser zwischen Trommel und Trommelgeh\u00e4use verursacht. Das Rillenkugellager ist ebenfalls korrodiert.<\/p>\n<div id=\"attachment_697\" style=\"width: 399px\" class=\"wp-caption aligncenter\"><a href=\"http:\/\/akustische-kamera.fkm-r.de\/wp-content\/uploads\/2011\/08\/1.bmp\" data-rel=\"lightbox-image-0\" data-rl_title=\"\" data-rl_caption=\"\"><img aria-describedby=\"caption-attachment-697\" decoding=\"async\" loading=\"lazy\" class=\"size-full wp-image-697 \" title=\"\" src=\"http:\/\/akustische-kamera.fkm-r.de\/wp-content\/uploads\/2011\/08\/1.bmp\" alt=\"\" width=\"389\" height=\"294\" \/><\/a><p id=\"caption-attachment-697\" class=\"wp-caption-text\">Bild 1: zerst\u00f6rtes Rillenkugellager kurz vor dem Ausbau<\/p><\/div>\n<p style=\"text-align: left;\">Nachfolgend ist ein Video aufgef\u00fchrt, dass die Besch\u00e4digung des Rillenkugellagers deutlich zum Ausdruck bringt.<\/p>\n<div id=\"jwplayer-center\" style=\"text-align: left;\">\n<div style=\"width: 480px;\" class=\"wp-video\"><!--[if lt IE 9]><script>document.createElement('video');<\/script><![endif]-->\n<video class=\"wp-video-shortcode\" id=\"video-694-1\" width=\"480\" height=\"360\" preload=\"metadata\" controls=\"controls\"><source type=\"video\/mp4\" src=\"http:\/\/akustische-kamera.fkm-r.de\/wp-content\/uploads\/2019\/12\/Lagerschaden.mp4?_=1\" \/><a href=\"http:\/\/akustische-kamera.fkm-r.de\/wp-content\/uploads\/2019\/12\/Lagerschaden.mp4\">http:\/\/akustische-kamera.fkm-r.de\/wp-content\/uploads\/2019\/12\/Lagerschaden.mp4<\/a><\/video><\/div>\n<\/div>\n<p style=\"text-align: left;\">In Bild 2 sind die Einzelteile des zerst\u00f6rten, ausgebauten Rillenkugellagers dargestellt.<\/p>\n<div id=\"attachment_698\" style=\"width: 368px\" class=\"wp-caption aligncenter\"><a href=\"http:\/\/akustische-kamera.fkm-r.de\/wp-content\/uploads\/2011\/08\/2.bmp\" data-rel=\"lightbox-image-1\" data-rl_title=\"\" data-rl_caption=\"\"><img aria-describedby=\"caption-attachment-698\" decoding=\"async\" loading=\"lazy\" class=\"size-full wp-image-698 \" title=\"\" src=\"http:\/\/akustische-kamera.fkm-r.de\/wp-content\/uploads\/2011\/08\/2.bmp\" alt=\"\" width=\"358\" height=\"359\" \/><\/a><p id=\"caption-attachment-698\" class=\"wp-caption-text\">Bild 2: Einzelteile des zerst\u00f6rten Rillenkugellagers<\/p><\/div>\n<p style=\"text-align: justify;\">Bild 3 zeigt einen Teil des ausgebauten Au\u00dfenrings. Bei n\u00e4herer Betrachtung der Lauffl\u00e4che f\u00e4llt auf, dass diese mit tiefen Kratern \u00fcbers\u00e4t ist. Man spricht in diesem Zusammenhang auch von Pittings bzw. Gr\u00fcbchen, welche auf eine Materialerm\u00fcdung der Lauffl\u00e4chen zur\u00fcckzuf\u00fchren sind. Diese wurden vermutlich durch einen \u201elebensdauerbedingten\u201c Dauerbrauch unterhalb der Oberfl\u00e4che hervorgerufen und f\u00fchrten zum Abbl\u00e4ttern des dar\u00fcber liegenden Materials.<\/p>\n<div id=\"attachment_713\" style=\"width: 570px\" class=\"wp-caption aligncenter\"><a href=\"http:\/\/akustische-kamera.fkm-r.de\/wp-content\/uploads\/2011\/08\/Au\u00dfenring.jpg\" data-rel=\"lightbox-image-2\" data-rl_title=\"\" data-rl_caption=\"\"><img aria-describedby=\"caption-attachment-713\" decoding=\"async\" loading=\"lazy\" class=\"size-full wp-image-713\" title=\"\" src=\"http:\/\/akustische-kamera.fkm-r.de\/wp-content\/uploads\/2011\/08\/Au\u00dfenring.jpg\" alt=\"\" width=\"560\" height=\"220\" srcset=\"http:\/\/akustische-kamera.fkm-r.de\/wp-content\/uploads\/2011\/08\/Au\u00dfenring.jpg 648w, http:\/\/akustische-kamera.fkm-r.de\/wp-content\/uploads\/2011\/08\/Au\u00dfenring-300x118.jpg 300w\" sizes=\"(max-width: 560px) 100vw, 560px\" \/><\/a><p id=\"caption-attachment-713\" class=\"wp-caption-text\">Bild 3: Gr\u00fcbchenbildung auf dem Au\u00dfenring<\/p><\/div>\n<p style=\"text-align: justify;\">Bild 4 zeigt den Innenring des defekten Rillenkugellagers. Wie beim Au\u00dfenring sind auch hier \u00fcber die ganze Lauffl\u00e4che verteilt Gr\u00fcbchen verteilt, welche ebenfalls durch einen Dauerbrauch unterhalb der Oberfl\u00e4che hervorgerufen wurden.<\/p>\n<div id=\"attachment_709\" style=\"width: 482px\" class=\"wp-caption aligncenter\"><a href=\"http:\/\/akustische-kamera.fkm-r.de\/wp-content\/uploads\/2011\/08\/5.bmp\" data-rel=\"lightbox-image-3\" data-rl_title=\"\" data-rl_caption=\"\"><img aria-describedby=\"caption-attachment-709\" decoding=\"async\" loading=\"lazy\" class=\"size-full wp-image-709\" title=\"\" src=\"http:\/\/akustische-kamera.fkm-r.de\/wp-content\/uploads\/2011\/08\/5.bmp\" alt=\"\" width=\"472\" height=\"269\" \/><\/a><p id=\"caption-attachment-709\" class=\"wp-caption-text\">Bild 4: Gr\u00fcbchenbildung auf dem Innenring<\/p><\/div>\n","protected":false},"excerpt":{"rendered":"<p>In Bild 1 ist das zerst\u00f6rte Rillenkugellager kurz vor dem Ausbau dargestellt. Darin ist der korrodierte Bereich unterhalb des Rillenkugellagers deutlich zu erkennen. Dieser wurde vermutlich durch auslaufendes Wasser zwischen Trommel und Trommelgeh\u00e4use verursacht. Das Rillenkugellager ist ebenfalls korrodiert. Nachfolgend &hellip; <a href=\"http:\/\/akustische-kamera.fkm-r.de\/?page_id=694\">Weiterlesen <span class=\"meta-nav\">&rarr;<\/span><\/a><\/p>\n","protected":false},"author":2,"featured_media":0,"parent":554,"menu_order":0,"comment_status":"closed","ping_status":"closed","template":"","meta":[],"_links":{"self":[{"href":"http:\/\/akustische-kamera.fkm-r.de\/index.php?rest_route=\/wp\/v2\/pages\/694"}],"collection":[{"href":"http:\/\/akustische-kamera.fkm-r.de\/index.php?rest_route=\/wp\/v2\/pages"}],"about":[{"href":"http:\/\/akustische-kamera.fkm-r.de\/index.php?rest_route=\/wp\/v2\/types\/page"}],"author":[{"embeddable":true,"href":"http:\/\/akustische-kamera.fkm-r.de\/index.php?rest_route=\/wp\/v2\/users\/2"}],"replies":[{"embeddable":true,"href":"http:\/\/akustische-kamera.fkm-r.de\/index.php?rest_route=%2Fwp%2Fv2%2Fcomments&post=694"}],"version-history":[{"count":21,"href":"http:\/\/akustische-kamera.fkm-r.de\/index.php?rest_route=\/wp\/v2\/pages\/694\/revisions"}],"predecessor-version":[{"id":872,"href":"http:\/\/akustische-kamera.fkm-r.de\/index.php?rest_route=\/wp\/v2\/pages\/694\/revisions\/872"}],"up":[{"embeddable":true,"href":"http:\/\/akustische-kamera.fkm-r.de\/index.php?rest_route=\/wp\/v2\/pages\/554"}],"wp:attachment":[{"href":"http:\/\/akustische-kamera.fkm-r.de\/index.php?rest_route=%2Fwp%2Fv2%2Fmedia&parent=694"}],"curies":[{"name":"wp","href":"https:\/\/api.w.org\/{rel}","templated":true}]}}