{"id":643,"date":"2011-08-27T14:28:10","date_gmt":"2011-08-27T14:28:10","guid":{"rendered":"http:\/\/akustische-kamera.fkm-r.de\/?page_id=643"},"modified":"2011-08-27T15:14:51","modified_gmt":"2011-08-27T15:14:51","slug":"vergleich-der-akustischen-fotos","status":"publish","type":"page","link":"http:\/\/akustische-kamera.fkm-r.de\/?page_id=643","title":{"rendered":"Vergleich der akustischen Fotos"},"content":{"rendered":"<p style=\"text-align: justify;\">Im Bild sind die akustischen Fotos dargestellt, welche f\u00fcr den jeweils ganzen Mess- und Frequenzbereich aus beiden Messungen generiert wurden. F\u00fcr die Kartierung des Effektivwertes des Schalldrucks wurde dabei eine logarithmische Darstellung in dB(A) verwendet.<\/p>\n<div id=\"attachment_647\" style=\"width: 741px\" class=\"wp-caption aligncenter\"><a href=\"http:\/\/akustische-kamera.fkm-r.de\/wp-content\/uploads\/2011\/08\/akustische-Fotos1.bmp\" data-rel=\"lightbox-image-0\" data-rl_title=\"\" data-rl_caption=\"\"><img aria-describedby=\"caption-attachment-647\" decoding=\"async\" loading=\"lazy\" class=\"size-full wp-image-647 \" title=\"\" src=\"http:\/\/akustische-kamera.fkm-r.de\/wp-content\/uploads\/2011\/08\/akustische-Fotos1.bmp\" alt=\"\" width=\"731\" height=\"247\" \/><\/a><p id=\"caption-attachment-647\" class=\"wp-caption-text\">Bild: Akustische Fotos vom station\u00e4ren Betrieb bei 1400 1\/min: links mit defektem und rechts neuem Rillenkugellager<\/p><\/div>\n<p style=\"text-align: justify;\">Mit Hilfe der akustischen Fotos im Bild kann festgestellt werden, dass beim Betrieb mit defektem Rillenkugellager die gr\u00f6\u00dfte Schallabstrahlung etwas unterhalb der Mitte der Riemenscheibe auftritt. Der Gesamtschalldruckpegel betr\u00e4gt dabei 93,6 dB(A). Dagegen kann die gr\u00f6\u00dfte Schallabstrahlung im Betrieb mit neuen Rillenkugellager im Bereich der Motorwelle des Elektromotors lokalisiert werden. Der nunmehr auftretenden Gesamtschalldruckpegel betr\u00e4gt nur noch 88,6 dB(A). Dies entspricht im Vergleich zum defekten Rillenkugellager einer Reduzierung um<strong> 5,0<\/strong> dB(A).<\/p>\n<p style=\"text-align: justify;\">Es kann daher festgehalten werden, dass derartige W\u00e4lzlagersch\u00e4den deutlichen Einfluss auf die Ger\u00e4usch- bzw. L\u00e4rmentwicklung haben.<\/p>\n","protected":false},"excerpt":{"rendered":"<p>Im Bild sind die akustischen Fotos dargestellt, welche f\u00fcr den jeweils ganzen Mess- und Frequenzbereich aus beiden Messungen generiert wurden. F\u00fcr die Kartierung des Effektivwertes des Schalldrucks wurde dabei eine logarithmische Darstellung in dB(A) verwendet. Mit Hilfe der akustischen Fotos &hellip; <a href=\"http:\/\/akustische-kamera.fkm-r.de\/?page_id=643\">Weiterlesen <span class=\"meta-nav\">&rarr;<\/span><\/a><\/p>\n","protected":false},"author":2,"featured_media":0,"parent":619,"menu_order":3,"comment_status":"closed","ping_status":"closed","template":"","meta":[],"_links":{"self":[{"href":"http:\/\/akustische-kamera.fkm-r.de\/index.php?rest_route=\/wp\/v2\/pages\/643"}],"collection":[{"href":"http:\/\/akustische-kamera.fkm-r.de\/index.php?rest_route=\/wp\/v2\/pages"}],"about":[{"href":"http:\/\/akustische-kamera.fkm-r.de\/index.php?rest_route=\/wp\/v2\/types\/page"}],"author":[{"embeddable":true,"href":"http:\/\/akustische-kamera.fkm-r.de\/index.php?rest_route=\/wp\/v2\/users\/2"}],"replies":[{"embeddable":true,"href":"http:\/\/akustische-kamera.fkm-r.de\/index.php?rest_route=%2Fwp%2Fv2%2Fcomments&post=643"}],"version-history":[{"count":5,"href":"http:\/\/akustische-kamera.fkm-r.de\/index.php?rest_route=\/wp\/v2\/pages\/643\/revisions"}],"predecessor-version":[{"id":645,"href":"http:\/\/akustische-kamera.fkm-r.de\/index.php?rest_route=\/wp\/v2\/pages\/643\/revisions\/645"}],"up":[{"embeddable":true,"href":"http:\/\/akustische-kamera.fkm-r.de\/index.php?rest_route=\/wp\/v2\/pages\/619"}],"wp:attachment":[{"href":"http:\/\/akustische-kamera.fkm-r.de\/index.php?rest_route=%2Fwp%2Fv2%2Fmedia&parent=643"}],"curies":[{"name":"wp","href":"https:\/\/api.w.org\/{rel}","templated":true}]}}