{"id":406,"date":"2011-08-25T12:42:26","date_gmt":"2011-08-25T12:42:26","guid":{"rendered":"http:\/\/akustische-kamera.fkm-r.de\/?page_id=406"},"modified":"2011-08-26T12:23:48","modified_gmt":"2011-08-26T12:23:48","slug":"vergleich-der-schalldruckverlaufe","status":"publish","type":"page","link":"http:\/\/akustische-kamera.fkm-r.de\/?page_id=406","title":{"rendered":"Vergleich der Schalldruckverl\u00e4ufe"},"content":{"rendered":"<p style=\"text-align: justify;\">Die A-Bewerteten Schalldruckverl\u00e4ufe der Messung <strong>ohne<\/strong> das Abdeckblech sind in Bild 1 aufgezeigt. Darin kann festgestellt werden, dass die Schalldr\u00fccke relativ gleichm\u00e4\u00dfig verlaufen. Die Schalldr\u00fccke erreichen meist Werte zwischen 5 und 10 mPa, die nur selten \u00fcberschritten werden.<\/p>\n<p style=\"text-align: justify;\">In Bild 2 sind ebenfalls die A-bewerteten Schalldruckverl\u00e4ufe dargestellt, wobei sich diese auf die Messung <strong>mit<\/strong> dem Abdeckblech beziehen. Die Schalldr\u00fccke verlaufen auch hier wieder relativ gleichm\u00e4\u00dfig. Allerdings sind die auftretenden Schalldr\u00fccke im Vergleich zur Messung ohne das Abdeckblech deutlich geringer ausgepr\u00e4gt. Diese gehen dabei nicht \u00fcber den Bereich von 5 mPa hinaus. Dagegen liegen die Werte bei der Messung ohne Abdeckblech deutlich \u00fcber 5 mPa.<\/p>\n<div id=\"attachment_407\" style=\"width: 733px\" class=\"wp-caption aligncenter\"><a href=\"http:\/\/akustische-kamera.fkm-r.de\/wp-content\/uploads\/2011\/08\/Schalldruckverl\u00e4ufe-ohne-Abdeckblech.bmp\" data-rel=\"lightbox-image-0\" data-rl_title=\"\" data-rl_caption=\"\"><img aria-describedby=\"caption-attachment-407\" decoding=\"async\" loading=\"lazy\" class=\"size-full wp-image-407\" title=\"\" src=\"http:\/\/akustische-kamera.fkm-r.de\/wp-content\/uploads\/2011\/08\/Schalldruckverl\u00e4ufe-ohne-Abdeckblech.bmp\" alt=\"\" width=\"723\" height=\"315\" \/><\/a><p id=\"caption-attachment-407\" class=\"wp-caption-text\">Bild 1: Schalldruckverl\u00e4ufe ohne Abdeckblech<\/p><\/div>\n<div id=\"attachment_408\" style=\"width: 736px\" class=\"wp-caption aligncenter\"><a href=\"http:\/\/akustische-kamera.fkm-r.de\/wp-content\/uploads\/2011\/08\/Schalldruckverl\u00e4ufe-mit-Abdeckblech.bmp\" data-rel=\"lightbox-image-1\" data-rl_title=\"\" data-rl_caption=\"\"><img aria-describedby=\"caption-attachment-408\" decoding=\"async\" loading=\"lazy\" class=\"size-full wp-image-408 \" title=\"\" src=\"http:\/\/akustische-kamera.fkm-r.de\/wp-content\/uploads\/2011\/08\/Schalldruckverl\u00e4ufe-mit-Abdeckblech.bmp\" alt=\"\" width=\"726\" height=\"317\" \/><\/a><p id=\"caption-attachment-408\" class=\"wp-caption-text\">Bild 2: Schalldruckverl\u00e4ufe mit Abdeckblech<\/p><\/div>\n<p style=\"text-align: justify;\">Die Verringerung der Schalldr\u00fccke ist dementsprechend auf das angebrachte Abdeckblech zur\u00fcckgef\u00fchrt werden, da des die erzeugten Schallemissionen in einem gewissen Ma\u00dfe \u201eabschirmt\u201c.<\/p>\n<p style=\"text-align: center;\">&nbsp;<\/p>\n<p>&nbsp;<\/p>\n<p>&nbsp;<\/p>\n","protected":false},"excerpt":{"rendered":"<p>Die A-Bewerteten Schalldruckverl\u00e4ufe der Messung ohne das Abdeckblech sind in Bild 1 aufgezeigt. Darin kann festgestellt werden, dass die Schalldr\u00fccke relativ gleichm\u00e4\u00dfig verlaufen. Die Schalldr\u00fccke erreichen meist Werte zwischen 5 und 10 mPa, die nur selten \u00fcberschritten werden. In Bild &hellip; <a href=\"http:\/\/akustische-kamera.fkm-r.de\/?page_id=406\">Weiterlesen <span class=\"meta-nav\">&rarr;<\/span><\/a><\/p>\n","protected":false},"author":2,"featured_media":0,"parent":356,"menu_order":1,"comment_status":"closed","ping_status":"closed","template":"","meta":[],"_links":{"self":[{"href":"http:\/\/akustische-kamera.fkm-r.de\/index.php?rest_route=\/wp\/v2\/pages\/406"}],"collection":[{"href":"http:\/\/akustische-kamera.fkm-r.de\/index.php?rest_route=\/wp\/v2\/pages"}],"about":[{"href":"http:\/\/akustische-kamera.fkm-r.de\/index.php?rest_route=\/wp\/v2\/types\/page"}],"author":[{"embeddable":true,"href":"http:\/\/akustische-kamera.fkm-r.de\/index.php?rest_route=\/wp\/v2\/users\/2"}],"replies":[{"embeddable":true,"href":"http:\/\/akustische-kamera.fkm-r.de\/index.php?rest_route=%2Fwp%2Fv2%2Fcomments&post=406"}],"version-history":[{"count":6,"href":"http:\/\/akustische-kamera.fkm-r.de\/index.php?rest_route=\/wp\/v2\/pages\/406\/revisions"}],"predecessor-version":[{"id":547,"href":"http:\/\/akustische-kamera.fkm-r.de\/index.php?rest_route=\/wp\/v2\/pages\/406\/revisions\/547"}],"up":[{"embeddable":true,"href":"http:\/\/akustische-kamera.fkm-r.de\/index.php?rest_route=\/wp\/v2\/pages\/356"}],"wp:attachment":[{"href":"http:\/\/akustische-kamera.fkm-r.de\/index.php?rest_route=%2Fwp%2Fv2%2Fmedia&parent=406"}],"curies":[{"name":"wp","href":"https:\/\/api.w.org\/{rel}","templated":true}]}}